{"id":55,"date":"2019-04-13T16:06:19","date_gmt":"2019-04-13T14:06:19","guid":{"rendered":"http:\/\/localhost\/?page_id=55"},"modified":"2025-05-27T14:21:32","modified_gmt":"2025-05-27T12:21:32","slug":"mentions-legales-et-credits","status":"publish","type":"page","link":"https:\/\/www.festivalauvillage.fr\/mentions-legales-et-credits\/","title":{"rendered":"Mentions l\u00e9gales &amp; cr\u00e9dits"},"content":{"rendered":"\n<h2 class=\"wp-block-heading\">Mentions l\u00e9gales<\/h2>\n\n\n\n<h3 class=\"wp-block-heading\">Editeur et responsable de publication<\/h3>\n\n\n\n<p><strong>Sc\u00e8nes nomades<\/strong><br>3\u00a0rue\u00a0Saint\u00a0Martin<br>79170 Brioux sur Boutonne<br><strong>T\u00e9l. <\/strong>: 05 49 27 57 95<br><strong>Mail<\/strong> : <a href=\"mailto:administration@scenesnomades.fr\">\u00a0<a href=\"mailto:administration@scenesnomades.fr\"><\/a><a href=\"mailto:administration@scenesnomades.fr\" target=\"_blank\" rel=\"noreferrer noopener\">administration@scenesnomades.fr<\/a><\/a><br><strong>Site web<\/strong> : <a href=\"http:\/\/www.scenesnomades.fr\">www.scenesnomades.fr<\/a><\/p>\n\n\n\n<p><em><em><em>Licences d\u2019entrepreneur de spectacles 2-PLATESV-D-2023-002307 et 3-PLATESV-D-2023-001511<\/em><\/em><br>SIRET 327&nbsp;259&nbsp;313&nbsp;000&nbsp;69<br>Code APE 9001 Z<\/em><\/p>\n\n\n\n<h3 class=\"wp-block-heading\">H\u00e9bergement<\/h3>\n\n\n\n<p><strong>OVH<\/strong><br>2 rue Kellermann<br>59100 Roubaix<br>France<\/p>\n\n\n\n<h2 class=\"wp-block-heading\">Cr\u00e9dits<\/h2>\n\n\n\n<h3 class=\"wp-block-heading\">Illustration, affiche et brochure programme<\/h3>\n\n\n\n<p>Illustration et r\u00e9alisation de l&rsquo;affiche et de la brochure programme \u00e9dition 2025 par <a href=\"http:\/\/www.esclarmonde.fr\" target=\"_blank\" rel=\"noreferrer noopener nofollow\">Esclarmonde Bernard<\/a><\/p>\n\n\n\n<h3 class=\"wp-block-heading\">Conception et d\u00e9veloppement du site Internet<\/h3>\n\n\n\n<p>Conception et d\u00e9veloppement du site Internet par Fran\u00e7ois Thibaud<br><a aria-label=\" (s\u2019ouvre dans un nouvel onglet)\" href=\"https:\/\/francoisthibaud.me\" target=\"_blank\" rel=\"noreferrer noopener\">https:\/\/francoisthibaud.me<\/a><\/p>\n\n\n\n<h3 class=\"wp-block-heading\">Coproductions et cr\u00e9dits photographiques<\/h3>\n\n\n\n<ul class=\"wp-block-list\">\n<li><strong>Cousinade Studio Monstre<\/strong> &#8211; photo \u00a9 Studio Monstre. <\/li>\n\n\n\n<li><strong>Modeste proposition <\/strong>STUDIO MONSTRE &#8211; photo \u00a9 Studio Monstre. Administration : Kiblos. Production : Th\u00e9\u00e2tre du Ch\u00e2telard &#8211; Ferney Voltaire, le Th\u00e9\u00e2tre des Agit\u00e9s. R\u00e9sidence de cr\u00e9ation et soutiens : \u00c9cole nationale sup\u00e9rieure des Arts et techniques du Th\u00e9\u00e2tre, Th\u00e9\u00e2tre du Ch\u00e2telard &#8211; Ferney Voltaire. <\/li>\n\n\n\n<li><strong>Esquive<\/strong> &#8211; PPCM LE PLUS PETIT CIRQUE DU MONDE &#8211; photo \u00a9 JF Savaria. Collaboration artistique Sylvain Decure. Cr\u00e9ation musicale Maxime Delpierre. Cr\u00e9ation lumi\u00e8re J\u00e9r\u00e9mie Cusenier. Cr\u00e9ation costumes M\u00e9linda Mouslim. Sc\u00e9nographie Ga\u00ebtan Lev\u00eaque. Construction Sud Side. Direction technique et r\u00e9gie lumi\u00e8re Pierre Staigre. R\u00e9gie plateau Antoine Petit. R\u00e9gie son Simon Masson. Production diffusion Mathilde Lajarrige. Production Le Plus Petit Cirque du Monde. Coproduction Th\u00e9\u00e2tre les G\u00e9meaux, Sc\u00e8ne nationale de Sceaux, Le Man\u00e8ge, Sc\u00e8ne Nationale de Maubeuge, Le Palc Grand Est, Ch\u00e2lons en Champagne, Plateforme 2 p\u00f4les cirque en Normandie &#8211; La Br\u00e8che &#8211; Cherbourg, Collectif AOC. Accueil en r\u00e9sidences Le Plus Petit Cirque du Monde Bagneux, Plateforme 2 p\u00f4les cirque en Normandie &#8211; La Br\u00e8che &#8211; Cherbourg, Le Channel &#8211; Calais, Th\u00e9\u00e2tre les G\u00e9meaux &#8211; Sc\u00e8ne nationale de Sceaux, Le Palc &#8211; Ch\u00e2lons en Champagne. <\/li>\n\n\n\n<li><strong>La G\u00e2pette<\/strong> &#8211; photo \u00a9 Fabrice Menard. <\/li>\n\n\n\n<li><strong>Cirque en Sc\u00e8ne fait ses num\u00e9ros<\/strong> CIRQUE EN SC\u00c8NE &#8211; photo \u00a9 St\u00e9phane Roche.<\/li>\n\n\n\n<li><strong>Un soir chez Boris <\/strong>CIE D\u2019UN OURS photo \u00a9 C\u00e9dric Roulliat. Construction Yourte Olivier Debelhoir et Charles Teillet. Diffusion Fleur Lef\u00e8vre. Administration Production Nicolas Ligeon et Pauline Favaloro. Production Ballet Cosmique. Aide \u00e0 la cr\u00e9ation le<br>Carr\u00e9 Magique Lannion Tr\u00e9gor, p\u00f4le national des arts du cirque en Bretagne &#8211; CIRCa, Auch, Gers, Midi-Pyr\u00e9n\u00e9es, p\u00f4le national des arts du cirque &#8211; Pronomade(s) en Haute-Garonne, centre national des arts de la rue &#8211; la Verrerie d\u2019Al\u00e8s en C\u00e9vennes, p\u00f4le national des arts du cirque Languedoc-Roussillon &#8211; Th\u00e9\u00e2tre Europe, p\u00f4le national des arts du cirque m\u00e9diterran\u00e9e &#8211; Th\u00e9\u00e2tre de Die, le Serre \u00e0 Barnave &#8211; ORPHEON soutenue par la DRAC PACA &#8211; le Cheptel Ale\u00efkoum &#8211; la Chebaudi\u00e8re. Soutenu par le Conseil D\u00e9partemental de la Dr\u00f4me, le Minist\u00e8re de la culture, DRAC Rh\u00f4ne-Alpes. <\/li>\n\n\n\n<li><strong>Mon bras<\/strong> STUDIO MONSTRE &#8211; photo \u00a9 Abigail Auperin. Administration JR Company. Production le<br>d\u00e9partement de la Vienne et le Th\u00e9\u00e2tre des Agit\u00e9s. R\u00e9sidences et soutiens Rurart &#8211; centre d\u2019art contemporain, le Mus\u00e9e Sainte-Croix de Poitiers, le Grand Parquet. <\/li>\n\n\n\n<li><strong>Passe-moi le texte<\/strong> STUDIO MONSTRE &#8211; photo \u00a9 Studio Monstre. <\/li>\n\n\n\n<li><strong>Main-s tenant-es<\/strong> ALEX ON THE WIRE &#8211; photo \u00a9 ALEX ON THE WIRE. Coproductions Office Artistique R\u00e9gion Nouvelle-Aquitaine, Agora Pole National Cirque Boulazac Aquitaine, Compagnie Florence Lavaud, Le Lieu, citeCirque CREAC de B\u00e8gles, Collectif Instant T, DRAC Nouvelle-Aquitaine, Agence Culturelle d\u00e9partementale Dordogne P\u00e9rigord, Association Baltringos, Les Subsistances. Soutiens De Rue et De Cirque, 2R2C Paris, Le Plongeoir Pole National Cirque Le Mans, Pays de la Loire, SmartCie et Centre d\u2019animation Queyries, Ecole de Cirque de Bordeaux, Cirque Eclair. <\/li>\n\n\n\n<li><strong>De la sexualit\u00e9 des orchid\u00e9es<\/strong> SOFIA TELLIER &#8211; photo \u00a9 Anna Basile. Production l\u2019Amicale. Coproduction Sc\u00e8ne Nationale Le Carr\u00e9, Centre d\u2019art contemporain Pays de Ch\u00e2teau-Gontier, l\u2019Atelier 210 Bruxelles, Agglo Pays d\u2019Issoire. Avec le soutien du Th\u00e9\u00e2tre de Poche, sc\u00e8ne de territoire pour le th\u00e9\u00e2tre, Bretagne romantique et Val d\u2019Ille, Aubign\u00e9 et la Maison folie Wazemmes Lille, Le Corridor Li\u00e8ge, Le Centquatre Paris, Le Limonaire, Ch\u00e2teau de la Roche Guyon. <\/li>\n\n\n\n<li><strong>Dans l\u2019espace<\/strong> UN LOUP POUR L\u2019HOMME &#8211; photo \u00a9 Val\u00e9rie Frossard. Production : Un loup pour l\u2019Homme Production. Diffusion, administration Lou Henry, Emma Lefran\u00e7ois, Chlo\u00e9 Vancutsem. Coproduction : La Fa\u00efencerie, Sc\u00e8ne Conventionn\u00e9e d\u2019Int\u00e9r\u00eat National Art en Territoire , Th\u00e9\u00e2tre de Creil, Cirque Jules Verne, P\u00f4le National Cirque et Arts de la Rue, Amiens , Agora, P\u00f4le National Cirque, Boulazac, Le Carr\u00e9 magique, P\u00f4le National Cirque Bretagne, Lannion, Th\u00e9\u00e2tre Firmin G\u00e9mier, La Piscine, P\u00f4le National Cirque d\u2019Antony, Tandem, Sc\u00e8ne Nationale Arras-Douai, CCN2, Centre Chor\u00e9graphique National, Grenoble, Theater Op de Markt, Dommelhof, Transversales, Sc\u00e8ne Conventionn\u00e9e cirque, Verdun. En partenariat avec Cirk\u2019Eole Metz et le r\u00e9seau GRAND CIEL, 2 P\u00f4les Cirque en Normandie, La Br\u00e8che \u00e0 Cherbourg, Cirque-Th\u00e9\u00e2tre d\u2019Elbeuf, Le Bateau Feu, Sc\u00e8ne Nationale de Dunkerque, P\u00f4le R\u00e9gional Cirque Le Mans, Le Palc, P\u00f4le National Cirque Ch\u00e2lons-en- Champagne Grand-Est, Fabrik Potsdam, Le Prato P\u00f4le National Cirque Lille. Soutien : Conseil R\u00e9gional Hauts-de-France, DGCA Minist\u00e8re de la Culture, DRAC Hauts-de-France (au titre de l\u2019aide aux compagnies conventionn\u00e9es). Un loup pour l\u2019Homme est compagnie associ\u00e9e au Prato \u00e0 Lille et soci\u00e9taire de Filage (coop\u00e9rative d\u2019accompagnement des acteur\u00b7rices artistiques et culturel\u2022les, Lille). <\/li>\n\n\n\n<li><strong>Je touche du bois<\/strong> ASSOCIATION PALABRAS &#8211; photo \u00a9 Fanny V\u00e9ron. Je touche du bois est un projet de l\u2019association Palabras. Coproduction : abbaye de Noirlac, Centre Culturel de Rencontre, Bru\u00e8re, OARA, Office artistique de la r\u00e9gion Nouvelle-Aquitaine, Le Champ de foire, Saint-Andr\u00e9 de Cubzac, Sur le Pont CNAREP &amp; Les Fabriques R\u00e9UniES, Graines de Rue, Bessines-sur-Gartempe, Musicalarue, Luxey, Sc\u00e8nes nomades, Brioux-sur-Boutonne, Ville de Poitiers, Grand Poitiers, Iddac, Agence culturelle du d\u00e9partement de la Gironde. Bourse \u00e0 l\u2019\u00e9criture OARA, Office artistique de la r\u00e9gion Nouvelle-Aquitaine. Soutiens ville de Saint-Macaire, Lacaze aux sottises, Orion, \u00c9sat du Ch\u00e2teau d\u2019Espiute, La M\u00e9tive, lieu international de r\u00e9sidence de cr\u00e9ation artistique, Moutier d\u2019Ahun, Larural, sc\u00e8ne de territoire en Cr\u00e9onnais, festival Chahuts, Bordeaux. Soutiens en cours aide au projet Drac Nouvelle-Aquitaine. DJ Dubtor &#8211; photo \u00a9 Francisco Lion. <\/li>\n\n\n\n<li><strong>La Renarde<\/strong> LES TR\u00c9TEAUX DE FRANCE &#8211; photo \u00a9 Terry Whittaker. Chor\u00e9graphie animale : Cyril Casm\u00e8ze et Jade Duviquet (Compagnie du Singe Debout) Sc\u00e9nographie, costumes et accessoires :Anne-Sophie Grac et Bertrand Nodet. Production : Tr\u00e9teaux de France, Centre dramatique national. Accueil en r\u00e9sidence : Maison des Arts \/ Sc\u00e8nes Nomades. <\/li>\n\n\n\n<li><strong>Inertie<\/strong> UNDERCLOUDS CIE ET ULYSSE LACOSTE &#8211; photo \u00a9 Vasil Tasevski. Avec le soutien de DRAC Grand Est, la R\u00e9gion Grand Est, le Conseil D\u00e9partemental 54, Mairie de Nancy, FUSV. Coproductions La Machinerie Homecourt, La Transverse Corbigny, CirQ\u2019\u00f4nflex Dijon, le CCOUAC Ecurey, Le Palc Ch\u00e2lons-en-Champagne, Association GRAND CIEL (Grand Est). Partenariats Cirk\u2019Eole Montigny-L\u00e8s-Metz, Le M\u00e9mo Max\u00e9ville, Amadeus concepteur et fabricant de syst\u00e8mes de diffusion \u00e9lectro-acoustique. Accueils en r\u00e9sidence Espace p\u00e9riph\u00e9rique (Ville de Paris La Villette), l\u2019Abattoir CNAREP Chalon-sur-Sa\u00f4ne, La Transverse Corbigny, Le Th\u00e9\u00e2tre du Port Nord Chalon-sur-Sa\u00f4ne, U4 Uckange, Ch\u00e2teau de Monthelon, Op\u00e9ra de Dijo, Le M\u00e9mo Max\u00e9ville, le CCOUAC Ecurey, Le Palc Ch\u00e2lons-en-Champagne, Acad\u00e9mie Fratellini St-Denis, La Halle Verri\u00e8re Meisenthal. <\/li>\n\n\n\n<li><strong>#VNR<\/strong> QUARTET BUCCAL &#8211; photo \u00a9 JM Coubard. Co-production : La Lisi\u00e8re, Animakt. Partenaires : 2R2C, La Piscine d\u2019en face, Le SILO, MJC Ancely, Th\u00e9\u00e2tre du Pont Neuf, Le Dansarium , Association la Transverse. Partenaires Institutionnels : Conseil D\u00e9partemental de l\u2019Essonne. Spedidam. Adami . CNM. Europe connexion COMPAGNIE VEILLEUR\u00ae &#8211; photo \u00a9 Joseph Banderet. Production. <\/li>\n\n\n\n<li><strong>Europe connexion<\/strong> COMPAGNIE VEILLEUR\u00ae &#8211; photo \u00a9 Joseph Banderet. Production Veilleur\u00ae. Une premi\u00e8re version du spectacle a \u00e9t\u00e9 cr\u00e9\u00e9e en 2016 au Taipei Art Festival. Le spectacle a \u00e9t\u00e9 repris en ext\u00e9rieur pour le Festival d\u2019\u00c9t\u00e9 de La Maison Maria Casar\u00e8s en 2024. Veilleur\u00ae est conventionn\u00e9 par le Minist\u00e8re de la Culture (DRAC Nouvelle-Aquitaine) et subventionn\u00e9 par la r\u00e9gion Nouvelle-Aquitaine et la ville de Poitiers. Le texte est publi\u00e9 chez l\u2019ARCHE \u00e9diteur. <\/li>\n\n\n\n<li><strong>Amglo ou la vie de Narcisse Pelletier<\/strong> CIE LE BAZAR MYTHIQUE &#8211; photo \u00a9 Historical Society of Queensland &#8211; Eddy Rivi\u00e8re. Production le Bazar Mythique. Production soutenue par l\u2019\u00c9tat, Direction R\u00e9gionale des Affaires Culturelles (DRAC) des Pays de la Loire, la Ville de La Roche sur Yon, la Ville de L\u2019Ile d\u2019Yeu, la Ville de Saint Gilles Croix de Vie, Centre Culturel de la Conserverie, la Ville de Capbreton, le Th\u00e9\u00e2tre de l\u2019H\u00f4tel de Ville de Saint Barth\u00e9l\u00e9my d\u2019Anjou et l\u2019URFR-Moulin du Marais. Merci au Grand R, sc\u00e8ne nationale La Roche sur Yon, au Festival des Arts du R\u00e9cit et au Festival Arts-M\u00e9tiss, Pouzauges pour leur soutien et leur confiance.<\/li>\n\n\n\n<li><strong>Passing Swiftly<\/strong> CIE UN LOUP POUR L\u2019HOMME &#8211; photo \u00a9 Val\u00e9rie Frossard. Production : Un loup pour l\u2019Homme Production. Diffusion, administration Lou Henry, Emma Lefran\u00e7ois, Chlo\u00e9 Vancutsem. Coproduction : La Fa\u00efencerie, Sc\u00e8ne Conventionn\u00e9e d\u2019Int\u00e9r\u00eat National Art en Territoire, Th\u00e9\u00e2tre de Creil, Cirque Jules Verne, P\u00f4le National Cirque et Arts de la Rue, Amiens, Agora, P\u00f4le National Cirque, Boulazac, Le Carr\u00e9 magique, P\u00f4le National Cirque Bretagne, Lannion, Th\u00e9\u00e2tre Firmin G\u00e9mier, La Piscine, P\u00f4le National Cirque d\u2019Antony, Tandem, Sc\u00e8ne Nationale Arras-Douai, CCN2, Centre Chor\u00e9graphique National, Grenoble, Theater Op de Markt, Dommelhof, Transversales, Sc\u00e8ne Conventionn\u00e9e cirque, Verdun. En partenariat avec Cirk\u2019Eole Metz et le r\u00e9seau GRAND CIEL, 2 P\u00f4les Cirque en Normandie, La Br\u00e8che \u00e0 Cherbourg, Cirque-Th\u00e9\u00e2tre d\u2019Elbeuf, Le Bateau Feu, Sc\u00e8ne Nationale de Dunkerque, P\u00f4le R\u00e9gional Cirque Le Mans, Le Palc, P\u00f4le National Cirque Ch\u00e2lons-en-Champagne Grand-Est, Fabrik Potsdam, Le Prato P\u00f4le National Cirque Lille. Soutien : Conseil R\u00e9gional Hauts-de-France, DGCA Minist\u00e8re de la Culture, DRAC Hauts-de-France (au titre de l\u2019aide aux compagnies conventionn\u00e9es). Un loup pour l\u2019Homme est compagnie associ\u00e9e au Prato \u00e0 Lille et soci\u00e9taire de Filage (coop\u00e9rative d\u2019accompagnement des acteur\u00b7rices artistiques et culturel\u00b7les, Lille). <\/li>\n\n\n\n<li><strong>Ma langue maternelle va mourir et j\u2019ai du mal \u00e0 vous parler d\u2019amour<\/strong> CIE LE BEAU MONDE ? &#8211; photo \u00a9 Eddy Rivi\u00e8re. Production Le Beau Monde Compagnie Yannick Jaulin. Coproduction Les Treize Arches, Sc\u00e8ne conventionn\u00e9e de Brive, Th\u00e9\u00e2tre de Gascogne, Sc\u00e8nes de Mont de Marsan, Le Nombril du Monde Pougne-H\u00e9risson. Cor\u00e9alisation C.I.C.T.- Th\u00e9\u00e2tre des Bouffes du Nord. Avec le soutien de l\u2019OARA Nouvelle-Aquitaine. Spectacle financ\u00e9 par l\u2019Union Europ\u00e9enne. <\/li>\n\n\n\n<li><strong>\u201cQui sommes-nous-je ?\u201d ou les toutes derni\u00e8res aventures de Lola et Gaston<\/strong> CIE LA FAMILLE MORALL\u00c8S &#8211; photo \u00a9 Jean-Pierre Estournet. Punk \u00e0 chats CAPTAIN PARADE &#8211; photo \u00a9 Captain Parade. Production Gommette Production avec le soutien de la Nef \u00e0 Angoul\u00eame, Les Abattoirs \u00e0 Cognac. <\/li>\n\n\n\n<li><strong>Salut terrestre total, imm\u00e9diat et imminent <\/strong>CIE STUDIO MONSTRE &#8211; photo \u00a9 Eoin Carey. Administration Kiblos. Production Le Th\u00e9\u00e2tre de Thouars sc\u00e8ne conventionn\u00e9e, les 3T sc\u00e8ne conventionn\u00e9e de Ch\u00e2tellerault, Sc\u00e8nes de territoire Bressuire, le Gallia Th\u00e9\u00e2tre de Saintes, la DRAC Nouvelle-Aquitaine dans le cadre des R\u00e9sidences partag\u00e9es. R\u00e9sidence de cr\u00e9ation et soutiens Le Th\u00e9\u00e2tre de Thouars sc\u00e8ne conventionn\u00e9e, les 3T sc\u00e8ne conventionn\u00e9e de Ch\u00e2tellerault, Sc\u00e8nes de territoire Bressuire, le th\u00e9\u00e2tre de l\u2019\u00c9lys\u00e9e. <\/li>\n\n\n\n<li><strong>Les toilettes de l\u2019entreprise &#8211; enqu\u00eate surnaturelle<\/strong> CIE STUDIO MONSTRE &#8211; photo \u00a9 Studio Monstre. Administration Kiblos. Production du Th\u00e9\u00e2tre de Thouars sc\u00e8ne conventionn\u00e9e, les 3T sc\u00e8ne conventionn\u00e9e de Ch\u00e2tellerault, DRAC Nouvelle-Aquitaine, La Nef \u00e0 Pantin. Aide \u00e0 la cr\u00e9ation d\u2019Artcena. Soutiens et r\u00e9sidences Th\u00e9\u00e2tre de Thouars sc\u00e8ne conventionn\u00e9e, Pr\u00e9au des Arts Saze. <\/li>\n\n\n\n<li><strong>Poppy Seeds<\/strong> &#8211; photo \u00a9 Poppy Seeds. <\/li>\n\n\n\n<li><strong>Diya Faso<\/strong> &#8211; photo \u00a9 Diya Faso. <\/li>\n\n\n\n<li><strong>\u00c9loge du d\u00e9m\u00e9nagement<\/strong> CIE AD\u00c9QUATE &#8211; photo \u00a9 Adequate. Une coproduction les Fabriques R\u00e9UniEs, Th\u00e9\u00e2tre Le Liburnia, Fest\u2019Arts, L\u2019\u00e9quinoxe sc\u00e8ne nationale de Ch\u00e2teauroux, La Manufacture Centre de D\u00e9veloppement Chor\u00e9graphique National Nouvelle-Aquitaine Bordeaux La Rochelle, OARA Office Artistique de la R\u00e9gion Nouvelle-Aquitaine. Soutiens Ville de Mign\u00e9-Auxances, ADAMI, DRAC Nouvelle Aquitaine, R\u00e9gion Nouvelle Aquitaine, D\u00e9partement de la Vienne. La compagnie est soutenue par la DRAC Nouvelle-Aquitaine Minist\u00e8re de la Culture et de la Communication et est conventionn\u00e9e par la R\u00e9gion Nouvelle-Aquitaine. <\/li>\n\n\n\n<li><strong>Pulsation<\/strong> CIE DONA MEZCAL &#8211; photo \u00a9 Dona Mezcal. France, pi\u00e8ce de c\u0153ur CIE STUDIO MONSTRE &#8211; photo \u00a9 Studio Monstre. Coproduction le M\u00e9ta CDN de Poitiers, l\u2019Espace Mend\u00e8s France, le Mus\u00e9e Sainte-Croix, le Gallia sc\u00e8ne conventionn\u00e9e de Saintes, La Nef \u00e0 Pantin, l\u2019OARA, la Ville de Poitiers, la R\u00e9gion Nouvelle-Aquitaine. En r\u00e9sidence \u00e0 La Nef, LES 3T sc\u00e8ne conventionn\u00e9e de Ch\u00e2tellerault, la Maison des Arts de Brioux-sur-Boutonne, \u00e0 l\u2019Espace Mend\u00e8s France et au Mus\u00e9e Sainte-Croix. <\/li>\n\n\n\n<li><strong>Les Mis\u00e9rables<\/strong> CIE L\u2019ACCORD DES ON photo \u00a9 S Bailly. <\/li>\n\n\n\n<li><strong>Jeune qui veille <\/strong>CIE M77 &#8211; photo \u00a9 Joseph Banderet. Production Compagnie M77. Coproduction OARA Office Artistique de la R\u00e9gion Nouvelle Aquitaine, Jeunes Textes en Libert\u00e9, La Maison Maria Casar\u00e8s, Les 3T de Ch\u00e2tellerault et le Studio Th\u00e9\u00e2tre de Stains. Soutien La M\u00e9tive, Le Th\u00e9\u00e2tre des Ilets CDN de Montlu\u00e7on, La Ville de Poitiers, La Fondation Entr\u00e9e en Sc\u00e8ne (ENSATT &amp; Th\u00e9\u00e2tre National de La Colline), le Th\u00e9\u00e2tre Paris-Villette, la MC93 Bobigny et la DRAC R\u00e9gion Nouvelle Aquitaine. Projet soutenu dans le cadre des \u00ab Rendez-vous en libert\u00e9 \u00bb, dispositif de rencontres in\u00e9dites d\u2019auteur.rices initi\u00e9 par Jeunes Textes en Libert\u00e9 et Le Fonds R\u00e9gnier pour la cr\u00e9ation. Projet laur\u00e9at de la commission Mise en Sc\u00e8ne 2023 de la SACD-Beaumarchais. <\/li>\n\n\n\n<li><strong>Les Vrill\u00e9s<\/strong> &#8211; photo \u00a9 Filarm ou \u00a9 Mickael Rouallo. <\/li>\n\n\n\n<li><strong>Les s\u00e9parables <\/strong>CIE DU R\u00c9FECTOIRE &#8211; photo \u00a9 Claris. Sc\u00e9nographie costumes Christine Sola\u00ef. Composition musicale Marc Closier. Cr\u00e9ation vid\u00e9o Romain Claris. Cr\u00e9ation lumi\u00e8re T\u00e2m Peel. Cr\u00e9ation visuel Coline Ellouz. Production Isabelle Vialard. Administration Josselin Tessier. Une production de la Compagnie du R\u00e9fectoire. Coproduction Iddac Institut D\u00e9partemental de D\u00e9veloppement Artistique et Culturel, la ville de Cenon, l\u2019Agora de Bill\u00e8re. Avec le soutien de l\u2019OARA Office Artistique de la R\u00e9gion Nouvelle-Aquitaine (aide \u00e0 la r\u00e9sidence hors les murs), la DRAC Nouvelle-Aquitaine (demande d\u2019aide au projet \u00e0 d\u00e9poser), de la Spedidam<br>(aide \u00e0 la cr\u00e9ation + B.O. \u00c0 d\u00e9poser), la Ville de Bordeaux (aide \u00e0 la cr\u00e9ation), le Fonds d\u2019insertion de l\u2019\u00c9cole du TNBA \u00c9cole sup\u00e9rieure de th\u00e9\u00e2tre Bordeaux Aquitaine financ\u00e9 par la R\u00e9gion Nouvelle Aquitaine et la DRAC Nouvelle-Aquitaine, les villes de Cestas, Canejan, Tresses, Cenon, Floirac, l\u2019Union R\u00e9gionale des Foyers Ruraux du Poitou-Charentes \u00e0 Lezay, la Maison des Arts \u00e0 Brioux-sur-Boutonne et l\u2019Agora \u00e0 Bill\u00e8re (accueils en r\u00e9sidence, aides \u00e0 la r\u00e9sidence). La compagnie du R\u00e9fectoire est subventionn\u00e9e par le Conseil D\u00e9partemental de la Gironde, le Conseil R\u00e9gional Nouvelle-Aquitaine et la Mairie de Bordeaux. La pi\u00e8ce Les S\u00e9parables de Fabrice Melquiot est publi\u00e9e et repr\u00e9sent\u00e9e par L\u2019ARCHE \u00e9diteur &amp; agence th\u00e9\u00e2trale. Mention \u00a9 L\u2019Arche, 2017. <\/li>\n\n\n\n<li><strong>Symphonie pour klaxons et essuie-glaces<\/strong> CIE LA MARTINGALE &#8211; photo \u00a9 Anne Lacaud. La Martingale est conventionn\u00e9e par la R\u00e9gion Nouvelle-Aquitaine, soutenue au titre de cr\u00e9ation par la DRAC Nouvelle Aquitaine et la Mairie de Poitiers. <\/li>\n\n\n\n<li><strong>Pourquoi le saut des baleines ?<\/strong> CIE DU TOUT VIVANT &#8211; photo \u00a9 Compagnie du tout vivant. Texte Nicolas Cavailles (Ed. du Sonneur, 2015). Adaptation et mise en sc\u00e8ne Thomas Visonneau. Jeu Augustin Mulliez. Dessinatrice en live Sophie Bataille. Cr\u00e9ateur sonore Micha\u00ebl Martin. Constructions Manu Obry. Production Compagnie du Tout Vivant. Co-productions IDDAC agence culturelle du D\u00e9partement de la Gironde, La M\u00e9gisserie BPCC Vienne-Glane. <\/li>\n\n\n\n<li><strong>Queen-a-man <\/strong>CIE \u00d4 CAPTAIN, MON CAPITAINE &#8211; photo \u00a9 jean-Michel Gilbert. Regard ext\u00e9rieur Michael Egard. Coaching play-back Magali Julien. R\u00e9p\u00e9titeuse chor\u00e9graphique C\u00e9line Rouleaud. Costumi\u00e8re Cl\u00e9mentine Monsaingeon. Construction d\u00e9cor Lo\u00efc Le Gall, JF Legendre, Cyrille G\u00e9rard. R\u00e9gie de tourn\u00e9e Marie Roux. Co-productions L\u2019Intervalle Sc\u00e8ne de Territoire pour la Danse \u00e0 Noyal sur Vilaine, L\u2019Entracte Sc\u00e8ne Conventionn\u00e9e d\u2019Int\u00e9r\u00eat National, Art en Territoire \u00e0 Sabl\u00e9 sur Sarthe, Picnic Production Angers. Avec le soutien 2021 de la Ville de Gu\u00e9men\u00e9-Penfao, Cie Pied\u2019n\u00e9, la R\u00e9gion Pays de La Loire, Le Conseil D\u00e9partemental de Loire Atlantique et La DRAC Pays de La Loire (plan de relance \u00abFrance Relance\u00bb). Avec le soutien 2022 de l\u2019Etat, Direction r\u00e9gionale des affaires culturelles (D.R.A.C.) des Pays de la Loire. <\/li>\n\n\n\n<li><strong>Fanfare La Grasse Bande<\/strong> CIE LA GRASSE BANDE &#8211; photo \u00a9 Pierre VDB. <\/li>\n\n\n\n<li><strong>Franch\u2019ment ta gueule<\/strong> &#8211; photo \u00a9 LA GRASSE BANDE.<\/li>\n<\/ul>\n","protected":false},"excerpt":{"rendered":"<p>Mentions l\u00e9gales Editeur et responsable de publication Sc\u00e8nes nomades3\u00a0rue\u00a0Saint\u00a0Martin79170 Brioux sur BoutonneT\u00e9l. : 05 49 27 57 95Mail : \u00a0administration@scenesnomades.frSite web : www.scenesnomades.fr Licences d\u2019entrepreneur de spectacles 2-PLATESV-D-2023-002307 et 3-PLATESV-D-2023-001511SIRET 327&nbsp;259&nbsp;313&nbsp;000&nbsp;69Code APE 9001 Z H\u00e9bergement OVH2 rue Kellermann59100 RoubaixFrance Cr\u00e9dits Illustration, affiche et brochure programme Illustration et r\u00e9alisation de l&rsquo;affiche et de la brochure programme [&hellip;]<\/p>\n","protected":false},"author":1,"featured_media":420,"parent":0,"menu_order":37,"comment_status":"closed","ping_status":"closed","template":"","meta":{"_acf_changed":false,"footnotes":""},"class_list":["post-55","page","type-page","status-publish","has-post-thumbnail","hentry"],"acf":[],"yoast_head":"<!-- This site is optimized with the Yoast SEO plugin v25.8 - https:\/\/yoast.com\/wordpress\/plugins\/seo\/ -->\n<title>Mentions l\u00e9gales &amp; cr\u00e9dits &#8212; Festival au Village<\/title>\n<meta name=\"robots\" content=\"index, follow, max-snippet:-1, max-image-preview:large, max-video-preview:-1\" \/>\n<link rel=\"canonical\" href=\"http:\/\/festivalauvillage.fr\/mentions-legales-et-credits\/\" \/>\n<meta name=\"twitter:label1\" content=\"Dur\u00e9e de lecture estim\u00e9e\" \/>\n\t<meta name=\"twitter:data1\" content=\"13 minutes\" \/>\n<script type=\"application\/ld+json\" class=\"yoast-schema-graph\">{\"@context\":\"https:\/\/schema.org\",\"@graph\":[{\"@type\":\"WebPage\",\"@id\":\"http:\/\/festivalauvillage.fr\/mentions-legales-et-credits\/\",\"url\":\"http:\/\/festivalauvillage.fr\/mentions-legales-et-credits\/\",\"name\":\"Mentions l\u00e9gales &amp; cr\u00e9dits &#8212; Festival au Village\",\"isPartOf\":{\"@id\":\"https:\/\/www.festivalauvillage.fr\/#website\"},\"primaryImageOfPage\":{\"@id\":\"http:\/\/festivalauvillage.fr\/mentions-legales-et-credits\/#primaryimage\"},\"image\":{\"@id\":\"http:\/\/festivalauvillage.fr\/mentions-legales-et-credits\/#primaryimage\"},\"thumbnailUrl\":\"https:\/\/www.festivalauvillage.fr\/wp-content\/uploads\/2019\/04\/la-contrebande-christophe-raynaud-de-lage-1.jpg\",\"datePublished\":\"2019-04-13T14:06:19+00:00\",\"dateModified\":\"2025-05-27T12:21:32+00:00\",\"breadcrumb\":{\"@id\":\"http:\/\/festivalauvillage.fr\/mentions-legales-et-credits\/#breadcrumb\"},\"inLanguage\":\"fr-FR\",\"potentialAction\":[{\"@type\":\"ReadAction\",\"target\":[\"http:\/\/festivalauvillage.fr\/mentions-legales-et-credits\/\"]}]},{\"@type\":\"ImageObject\",\"inLanguage\":\"fr-FR\",\"@id\":\"http:\/\/festivalauvillage.fr\/mentions-legales-et-credits\/#primaryimage\",\"url\":\"https:\/\/www.festivalauvillage.fr\/wp-content\/uploads\/2019\/04\/la-contrebande-christophe-raynaud-de-lage-1.jpg\",\"contentUrl\":\"https:\/\/www.festivalauvillage.fr\/wp-content\/uploads\/2019\/04\/la-contrebande-christophe-raynaud-de-lage-1.jpg\",\"width\":1366,\"height\":2048},{\"@type\":\"BreadcrumbList\",\"@id\":\"http:\/\/festivalauvillage.fr\/mentions-legales-et-credits\/#breadcrumb\",\"itemListElement\":[{\"@type\":\"ListItem\",\"position\":1,\"name\":\"Accueil\",\"item\":\"https:\/\/www.festivalauvillage.fr\/\"},{\"@type\":\"ListItem\",\"position\":2,\"name\":\"Mentions l\u00e9gales &amp; cr\u00e9dits\"}]},{\"@type\":\"WebSite\",\"@id\":\"https:\/\/www.festivalauvillage.fr\/#website\",\"url\":\"https:\/\/www.festivalauvillage.fr\/\",\"name\":\"Festival au Village\",\"description\":\"Soif de spectacles !\",\"publisher\":{\"@id\":\"https:\/\/www.festivalauvillage.fr\/#organization\"},\"potentialAction\":[{\"@type\":\"SearchAction\",\"target\":{\"@type\":\"EntryPoint\",\"urlTemplate\":\"https:\/\/www.festivalauvillage.fr\/?s={search_term_string}\"},\"query-input\":{\"@type\":\"PropertyValueSpecification\",\"valueRequired\":true,\"valueName\":\"search_term_string\"}}],\"inLanguage\":\"fr-FR\"},{\"@type\":\"Organization\",\"@id\":\"https:\/\/www.festivalauvillage.fr\/#organization\",\"name\":\"Sc\u00e8nes nomades\",\"url\":\"https:\/\/www.festivalauvillage.fr\/\",\"logo\":{\"@type\":\"ImageObject\",\"inLanguage\":\"fr-FR\",\"@id\":\"https:\/\/www.festivalauvillage.fr\/#\/schema\/logo\/image\/\",\"url\":\"http:\/\/festivalauvillage.fr\/wp-content\/uploads\/2019\/05\/scenes-nomades.png\",\"contentUrl\":\"http:\/\/festivalauvillage.fr\/wp-content\/uploads\/2019\/05\/scenes-nomades.png\",\"width\":295,\"height\":112,\"caption\":\"Sc\u00e8nes nomades\"},\"image\":{\"@id\":\"https:\/\/www.festivalauvillage.fr\/#\/schema\/logo\/image\/\"}}]}<\/script>\n<!-- \/ Yoast SEO plugin. -->","yoast_head_json":{"title":"Mentions l\u00e9gales &amp; cr\u00e9dits &#8212; Festival au Village","robots":{"index":"index","follow":"follow","max-snippet":"max-snippet:-1","max-image-preview":"max-image-preview:large","max-video-preview":"max-video-preview:-1"},"canonical":"http:\/\/festivalauvillage.fr\/mentions-legales-et-credits\/","twitter_misc":{"Dur\u00e9e de lecture estim\u00e9e":"13 minutes"},"schema":{"@context":"https:\/\/schema.org","@graph":[{"@type":"WebPage","@id":"http:\/\/festivalauvillage.fr\/mentions-legales-et-credits\/","url":"http:\/\/festivalauvillage.fr\/mentions-legales-et-credits\/","name":"Mentions l\u00e9gales &amp; cr\u00e9dits &#8212; Festival au Village","isPartOf":{"@id":"https:\/\/www.festivalauvillage.fr\/#website"},"primaryImageOfPage":{"@id":"http:\/\/festivalauvillage.fr\/mentions-legales-et-credits\/#primaryimage"},"image":{"@id":"http:\/\/festivalauvillage.fr\/mentions-legales-et-credits\/#primaryimage"},"thumbnailUrl":"https:\/\/www.festivalauvillage.fr\/wp-content\/uploads\/2019\/04\/la-contrebande-christophe-raynaud-de-lage-1.jpg","datePublished":"2019-04-13T14:06:19+00:00","dateModified":"2025-05-27T12:21:32+00:00","breadcrumb":{"@id":"http:\/\/festivalauvillage.fr\/mentions-legales-et-credits\/#breadcrumb"},"inLanguage":"fr-FR","potentialAction":[{"@type":"ReadAction","target":["http:\/\/festivalauvillage.fr\/mentions-legales-et-credits\/"]}]},{"@type":"ImageObject","inLanguage":"fr-FR","@id":"http:\/\/festivalauvillage.fr\/mentions-legales-et-credits\/#primaryimage","url":"https:\/\/www.festivalauvillage.fr\/wp-content\/uploads\/2019\/04\/la-contrebande-christophe-raynaud-de-lage-1.jpg","contentUrl":"https:\/\/www.festivalauvillage.fr\/wp-content\/uploads\/2019\/04\/la-contrebande-christophe-raynaud-de-lage-1.jpg","width":1366,"height":2048},{"@type":"BreadcrumbList","@id":"http:\/\/festivalauvillage.fr\/mentions-legales-et-credits\/#breadcrumb","itemListElement":[{"@type":"ListItem","position":1,"name":"Accueil","item":"https:\/\/www.festivalauvillage.fr\/"},{"@type":"ListItem","position":2,"name":"Mentions l\u00e9gales &amp; cr\u00e9dits"}]},{"@type":"WebSite","@id":"https:\/\/www.festivalauvillage.fr\/#website","url":"https:\/\/www.festivalauvillage.fr\/","name":"Festival au Village","description":"Soif de spectacles !","publisher":{"@id":"https:\/\/www.festivalauvillage.fr\/#organization"},"potentialAction":[{"@type":"SearchAction","target":{"@type":"EntryPoint","urlTemplate":"https:\/\/www.festivalauvillage.fr\/?s={search_term_string}"},"query-input":{"@type":"PropertyValueSpecification","valueRequired":true,"valueName":"search_term_string"}}],"inLanguage":"fr-FR"},{"@type":"Organization","@id":"https:\/\/www.festivalauvillage.fr\/#organization","name":"Sc\u00e8nes nomades","url":"https:\/\/www.festivalauvillage.fr\/","logo":{"@type":"ImageObject","inLanguage":"fr-FR","@id":"https:\/\/www.festivalauvillage.fr\/#\/schema\/logo\/image\/","url":"http:\/\/festivalauvillage.fr\/wp-content\/uploads\/2019\/05\/scenes-nomades.png","contentUrl":"http:\/\/festivalauvillage.fr\/wp-content\/uploads\/2019\/05\/scenes-nomades.png","width":295,"height":112,"caption":"Sc\u00e8nes nomades"},"image":{"@id":"https:\/\/www.festivalauvillage.fr\/#\/schema\/logo\/image\/"}}]}},"_links":{"self":[{"href":"https:\/\/www.festivalauvillage.fr\/wp-core\/wp\/v2\/pages\/55","targetHints":{"allow":["GET"]}}],"collection":[{"href":"https:\/\/www.festivalauvillage.fr\/wp-core\/wp\/v2\/pages"}],"about":[{"href":"https:\/\/www.festivalauvillage.fr\/wp-core\/wp\/v2\/types\/page"}],"author":[{"embeddable":true,"href":"https:\/\/www.festivalauvillage.fr\/wp-core\/wp\/v2\/users\/1"}],"replies":[{"embeddable":true,"href":"https:\/\/www.festivalauvillage.fr\/wp-core\/wp\/v2\/comments?post=55"}],"version-history":[{"count":5,"href":"https:\/\/www.festivalauvillage.fr\/wp-core\/wp\/v2\/pages\/55\/revisions"}],"predecessor-version":[{"id":3705,"href":"https:\/\/www.festivalauvillage.fr\/wp-core\/wp\/v2\/pages\/55\/revisions\/3705"}],"wp:featuredmedia":[{"embeddable":true,"href":"https:\/\/www.festivalauvillage.fr\/wp-core\/wp\/v2\/media\/420"}],"wp:attachment":[{"href":"https:\/\/www.festivalauvillage.fr\/wp-core\/wp\/v2\/media?parent=55"}],"curies":[{"name":"wp","href":"https:\/\/api.w.org\/{rel}","templated":true}]}}