{"id":744,"date":"2019-05-22T20:41:59","date_gmt":"2019-05-22T18:41:59","guid":{"rendered":"http:\/\/www.festivalauvillage.fr\/?page_id=744"},"modified":"2025-05-27T12:33:12","modified_gmt":"2025-05-27T10:33:12","slug":"boire-et-manger","status":"publish","type":"page","link":"https:\/\/www.festivalauvillage.fr\/pratique\/boire-et-manger\/","title":{"rendered":"O\u00f9 boire et manger\u00a0?"},"content":{"rendered":"<p class=\"content-chapo\">Cette ann\u00e9e encore, la place sera une immense terrasse arbor\u00e9e face \u00e0 la grande sc\u00e8ne. Vous trouverez plusieurs kiosques pour vous d\u00e9salt\u00e9rer et vous restaurer.<\/p>\n\n\n<h2 class=\"wp-block-heading\">La Terrasse au coeur du Festival<\/h2>\n\n\n\n<p>La Terrasse, c\u2019est la Place du Champ de Foire transform\u00e9e en immense guinguette, avec ses kiosques, ses tables, ses arbustes, ses parasols, sa sc\u00e8ne, ses guirlandes et ses concerts\u2026<\/p>\n\n\n\n<p>On vient y d\u00eener, \u00e9changer avec des artistes, discuter, \u00e9couter de la musique, danser, partager\u2026 on y passe toujours un bon moment, en famille ou entre amis !<br><\/p>\n\n\n\n<h3 class=\"wp-block-heading\">\u00c0 la Terrasse, vous trouverez :<\/h3>\n\n\n\n<h4 class=\"wp-block-heading\">Le Festi&rsquo;Resto<\/h4>\n\n\n\n<p>Une restauration \u00e0 base de produits locaux de qualit\u00e9 (dont le c\u00e9l\u00e8bre pied de cochon !), un stand de frites, des gourmandises sucr\u00e9es\u2026<br>La vaisselle est jetable mais recyclable !<\/p>\n\n\n\n<p><strong><em>Ouvert tous les soirs (sauf le lundi) \u00e0 partir de 18h30<\/em><\/strong><\/p>\n\n\n\n<h4 class=\"wp-block-heading\">Le Festi&rsquo;Bar<\/h4>\n\n\n\n<p>Retrouvez-vous autour d\u2019un th\u00e9 ou d\u2019un caf\u00e9, d\u2019une boisson fra\u00eeche avec ou sans alcool, d\u2019un Pineaujito maison ou de la moins locale mais tellement c\u00e9l\u00e8bre \u201cMarga du Festival\u201d (\u00e0 consommer avec mod\u00e9ration) !<\/p>\n\n\n\n<p><strong><em>Ouvert tous les jours (sauf le lundi) jusqu\u2019\u00e0 1h<\/em><\/strong><\/p>\n\n\n\n<h2 class=\"wp-block-heading\">Et aussi \u00e0 Brioux&#8230;<\/h2>\n\n\n\n<ul class=\"wp-block-list\">\n<li>Le restaurant <strong>A table<\/strong><\/li>\n\n\n\n<li><strong>L\u2019auberge du Cheval blanc<\/strong><\/li>\n\n\n\n<li><strong>Le Ranch<\/strong><\/li>\n<\/ul>\n","protected":false},"excerpt":{"rendered":"<p>La Terrasse au coeur du Festival La Terrasse, c\u2019est la Place du Champ de Foire transform\u00e9e en immense guinguette, avec ses kiosques, ses tables, ses arbustes, ses parasols, sa sc\u00e8ne, ses guirlandes et ses concerts\u2026 On vient y d\u00eener, \u00e9changer avec des artistes, discuter, \u00e9couter de la musique, danser, partager\u2026 on y passe toujours un [&hellip;]<\/p>\n","protected":false},"author":1,"featured_media":2477,"parent":22,"menu_order":25,"comment_status":"closed","ping_status":"closed","template":"","meta":{"_acf_changed":false,"footnotes":""},"class_list":["post-744","page","type-page","status-publish","has-post-thumbnail","hentry"],"acf":[],"yoast_head":"<!-- This site is optimized with the Yoast SEO plugin v25.8 - https:\/\/yoast.com\/wordpress\/plugins\/seo\/ -->\n<title>O\u00f9 boire et manger\u00a0? &#8212; Festival au Village<\/title>\n<meta name=\"robots\" content=\"index, follow, max-snippet:-1, max-image-preview:large, max-video-preview:-1\" \/>\n<link rel=\"canonical\" href=\"https:\/\/www.festivalauvillage.fr\/pratique\/boire-et-manger\/\" \/>\n<meta name=\"twitter:label1\" content=\"Dur\u00e9e de lecture estim\u00e9e\" \/>\n\t<meta name=\"twitter:data1\" content=\"2 minutes\" \/>\n<script type=\"application\/ld+json\" class=\"yoast-schema-graph\">{\"@context\":\"https:\/\/schema.org\",\"@graph\":[{\"@type\":\"WebPage\",\"@id\":\"https:\/\/www.festivalauvillage.fr\/pratique\/boire-et-manger\/\",\"url\":\"https:\/\/www.festivalauvillage.fr\/pratique\/boire-et-manger\/\",\"name\":\"O\u00f9 boire et manger\u00a0? &#8212; Festival au Village\",\"isPartOf\":{\"@id\":\"https:\/\/www.festivalauvillage.fr\/#website\"},\"primaryImageOfPage\":{\"@id\":\"https:\/\/www.festivalauvillage.fr\/pratique\/boire-et-manger\/#primaryimage\"},\"image\":{\"@id\":\"https:\/\/www.festivalauvillage.fr\/pratique\/boire-et-manger\/#primaryimage\"},\"thumbnailUrl\":\"https:\/\/www.festivalauvillage.fr\/wp-content\/uploads\/2023\/05\/public-terrasse-jpg.webp\",\"datePublished\":\"2019-05-22T18:41:59+00:00\",\"dateModified\":\"2025-05-27T10:33:12+00:00\",\"breadcrumb\":{\"@id\":\"https:\/\/www.festivalauvillage.fr\/pratique\/boire-et-manger\/#breadcrumb\"},\"inLanguage\":\"fr-FR\",\"potentialAction\":[{\"@type\":\"ReadAction\",\"target\":[\"https:\/\/www.festivalauvillage.fr\/pratique\/boire-et-manger\/\"]}]},{\"@type\":\"ImageObject\",\"inLanguage\":\"fr-FR\",\"@id\":\"https:\/\/www.festivalauvillage.fr\/pratique\/boire-et-manger\/#primaryimage\",\"url\":\"https:\/\/www.festivalauvillage.fr\/wp-content\/uploads\/2023\/05\/public-terrasse-jpg.webp\",\"contentUrl\":\"https:\/\/www.festivalauvillage.fr\/wp-content\/uploads\/2023\/05\/public-terrasse-jpg.webp\",\"width\":1536,\"height\":1583},{\"@type\":\"BreadcrumbList\",\"@id\":\"https:\/\/www.festivalauvillage.fr\/pratique\/boire-et-manger\/#breadcrumb\",\"itemListElement\":[{\"@type\":\"ListItem\",\"position\":1,\"name\":\"Accueil\",\"item\":\"https:\/\/www.festivalauvillage.fr\/\"},{\"@type\":\"ListItem\",\"position\":2,\"name\":\"Pratique\",\"item\":\"https:\/\/www.festivalauvillage.fr\/pratique\/\"},{\"@type\":\"ListItem\",\"position\":3,\"name\":\"O\u00f9 boire et manger\u00a0?\"}]},{\"@type\":\"WebSite\",\"@id\":\"https:\/\/www.festivalauvillage.fr\/#website\",\"url\":\"https:\/\/www.festivalauvillage.fr\/\",\"name\":\"Festival au Village\",\"description\":\"Soif de spectacles !\",\"publisher\":{\"@id\":\"https:\/\/www.festivalauvillage.fr\/#organization\"},\"potentialAction\":[{\"@type\":\"SearchAction\",\"target\":{\"@type\":\"EntryPoint\",\"urlTemplate\":\"https:\/\/www.festivalauvillage.fr\/?s={search_term_string}\"},\"query-input\":{\"@type\":\"PropertyValueSpecification\",\"valueRequired\":true,\"valueName\":\"search_term_string\"}}],\"inLanguage\":\"fr-FR\"},{\"@type\":\"Organization\",\"@id\":\"https:\/\/www.festivalauvillage.fr\/#organization\",\"name\":\"Sc\u00e8nes nomades\",\"url\":\"https:\/\/www.festivalauvillage.fr\/\",\"logo\":{\"@type\":\"ImageObject\",\"inLanguage\":\"fr-FR\",\"@id\":\"https:\/\/www.festivalauvillage.fr\/#\/schema\/logo\/image\/\",\"url\":\"http:\/\/festivalauvillage.fr\/wp-content\/uploads\/2019\/05\/scenes-nomades.png\",\"contentUrl\":\"http:\/\/festivalauvillage.fr\/wp-content\/uploads\/2019\/05\/scenes-nomades.png\",\"width\":295,\"height\":112,\"caption\":\"Sc\u00e8nes nomades\"},\"image\":{\"@id\":\"https:\/\/www.festivalauvillage.fr\/#\/schema\/logo\/image\/\"}}]}<\/script>\n<!-- \/ Yoast SEO plugin. -->","yoast_head_json":{"title":"O\u00f9 boire et manger\u00a0? &#8212; Festival au Village","robots":{"index":"index","follow":"follow","max-snippet":"max-snippet:-1","max-image-preview":"max-image-preview:large","max-video-preview":"max-video-preview:-1"},"canonical":"https:\/\/www.festivalauvillage.fr\/pratique\/boire-et-manger\/","twitter_misc":{"Dur\u00e9e de lecture estim\u00e9e":"2 minutes"},"schema":{"@context":"https:\/\/schema.org","@graph":[{"@type":"WebPage","@id":"https:\/\/www.festivalauvillage.fr\/pratique\/boire-et-manger\/","url":"https:\/\/www.festivalauvillage.fr\/pratique\/boire-et-manger\/","name":"O\u00f9 boire et manger\u00a0? &#8212; Festival au Village","isPartOf":{"@id":"https:\/\/www.festivalauvillage.fr\/#website"},"primaryImageOfPage":{"@id":"https:\/\/www.festivalauvillage.fr\/pratique\/boire-et-manger\/#primaryimage"},"image":{"@id":"https:\/\/www.festivalauvillage.fr\/pratique\/boire-et-manger\/#primaryimage"},"thumbnailUrl":"https:\/\/www.festivalauvillage.fr\/wp-content\/uploads\/2023\/05\/public-terrasse-jpg.webp","datePublished":"2019-05-22T18:41:59+00:00","dateModified":"2025-05-27T10:33:12+00:00","breadcrumb":{"@id":"https:\/\/www.festivalauvillage.fr\/pratique\/boire-et-manger\/#breadcrumb"},"inLanguage":"fr-FR","potentialAction":[{"@type":"ReadAction","target":["https:\/\/www.festivalauvillage.fr\/pratique\/boire-et-manger\/"]}]},{"@type":"ImageObject","inLanguage":"fr-FR","@id":"https:\/\/www.festivalauvillage.fr\/pratique\/boire-et-manger\/#primaryimage","url":"https:\/\/www.festivalauvillage.fr\/wp-content\/uploads\/2023\/05\/public-terrasse-jpg.webp","contentUrl":"https:\/\/www.festivalauvillage.fr\/wp-content\/uploads\/2023\/05\/public-terrasse-jpg.webp","width":1536,"height":1583},{"@type":"BreadcrumbList","@id":"https:\/\/www.festivalauvillage.fr\/pratique\/boire-et-manger\/#breadcrumb","itemListElement":[{"@type":"ListItem","position":1,"name":"Accueil","item":"https:\/\/www.festivalauvillage.fr\/"},{"@type":"ListItem","position":2,"name":"Pratique","item":"https:\/\/www.festivalauvillage.fr\/pratique\/"},{"@type":"ListItem","position":3,"name":"O\u00f9 boire et manger\u00a0?"}]},{"@type":"WebSite","@id":"https:\/\/www.festivalauvillage.fr\/#website","url":"https:\/\/www.festivalauvillage.fr\/","name":"Festival au Village","description":"Soif de spectacles !","publisher":{"@id":"https:\/\/www.festivalauvillage.fr\/#organization"},"potentialAction":[{"@type":"SearchAction","target":{"@type":"EntryPoint","urlTemplate":"https:\/\/www.festivalauvillage.fr\/?s={search_term_string}"},"query-input":{"@type":"PropertyValueSpecification","valueRequired":true,"valueName":"search_term_string"}}],"inLanguage":"fr-FR"},{"@type":"Organization","@id":"https:\/\/www.festivalauvillage.fr\/#organization","name":"Sc\u00e8nes nomades","url":"https:\/\/www.festivalauvillage.fr\/","logo":{"@type":"ImageObject","inLanguage":"fr-FR","@id":"https:\/\/www.festivalauvillage.fr\/#\/schema\/logo\/image\/","url":"http:\/\/festivalauvillage.fr\/wp-content\/uploads\/2019\/05\/scenes-nomades.png","contentUrl":"http:\/\/festivalauvillage.fr\/wp-content\/uploads\/2019\/05\/scenes-nomades.png","width":295,"height":112,"caption":"Sc\u00e8nes nomades"},"image":{"@id":"https:\/\/www.festivalauvillage.fr\/#\/schema\/logo\/image\/"}}]}},"_links":{"self":[{"href":"https:\/\/www.festivalauvillage.fr\/wp-core\/wp\/v2\/pages\/744","targetHints":{"allow":["GET"]}}],"collection":[{"href":"https:\/\/www.festivalauvillage.fr\/wp-core\/wp\/v2\/pages"}],"about":[{"href":"https:\/\/www.festivalauvillage.fr\/wp-core\/wp\/v2\/types\/page"}],"author":[{"embeddable":true,"href":"https:\/\/www.festivalauvillage.fr\/wp-core\/wp\/v2\/users\/1"}],"replies":[{"embeddable":true,"href":"https:\/\/www.festivalauvillage.fr\/wp-core\/wp\/v2\/comments?post=744"}],"version-history":[{"count":5,"href":"https:\/\/www.festivalauvillage.fr\/wp-core\/wp\/v2\/pages\/744\/revisions"}],"predecessor-version":[{"id":3695,"href":"https:\/\/www.festivalauvillage.fr\/wp-core\/wp\/v2\/pages\/744\/revisions\/3695"}],"up":[{"embeddable":true,"href":"https:\/\/www.festivalauvillage.fr\/wp-core\/wp\/v2\/pages\/22"}],"wp:featuredmedia":[{"embeddable":true,"href":"https:\/\/www.festivalauvillage.fr\/wp-core\/wp\/v2\/media\/2477"}],"wp:attachment":[{"href":"https:\/\/www.festivalauvillage.fr\/wp-core\/wp\/v2\/media?parent=744"}],"curies":[{"name":"wp","href":"https:\/\/api.w.org\/{rel}","templated":true}]}}